{"id":3963,"date":"2025-06-26T11:50:13","date_gmt":"2025-06-26T09:50:13","guid":{"rendered":"https:\/\/decarb-fast-track.com\/?page_id=3963"},"modified":"2026-02-03T17:35:08","modified_gmt":"2026-02-03T16:35:08","slug":"pioneers-day-2025","status":"publish","type":"page","link":"https:\/\/decarb-fast-track.com\/fr\/pioneers-day-2025\/","title":{"rendered":"Pioneers Day 2025"},"content":{"rendered":"<div data-elementor-type=\"wp-page\" data-elementor-id=\"3963\" class=\"elementor elementor-3963\" data-elementor-post-type=\"page\">\n\t\t\t\t<div data-dce-background-image-url=\"http:\/\/decarb-fast-track.com\/wp-content\/uploads\/2023\/04\/background-program-gradient.jpg\" class=\"elementor-element elementor-element-5a20296 e-con-full e-flex e-con e-parent\" data-id=\"5a20296\" data-element_type=\"container\" data-e-type=\"container\" data-settings=\"{&quot;background_background&quot;:&quot;classic&quot;}\">\n\t\t<div class=\"elementor-element elementor-element-dcbd248 e-con-full e-flex e-con e-child\" data-id=\"dcbd248\" data-element_type=\"container\" data-e-type=\"container\" data-settings=\"{&quot;background_background&quot;:&quot;classic&quot;}\">\n\t\t<div class=\"elementor-element elementor-element-59ec8b1 e-con-full e-flex e-con e-child\" data-id=\"59ec8b1\" data-element_type=\"container\" data-e-type=\"container\">\n\t\t\t\t<div class=\"elementor-element elementor-element-9f97a23 elementor-widget elementor-widget-heading\" data-id=\"9f97a23\" data-element_type=\"widget\" data-e-type=\"widget\" data-widget_type=\"heading.default\">\n\t\t\t\t<div class=\"elementor-widget-container\">\n\t\t\t\t\t<h2 class=\"elementor-heading-title elementor-size-default\"><h1 class=\"elementor-heading-title elementor-size-default elementor-inline-editing pen\" data-elementor-setting-key=\"title\" data-pen-placeholder=\"Type Here...\" data-lt-tmp-id=\"lt-460328\" data-gramm=\"false\" style=\"font-family: var( --e-global-typography-f5fe2ad-font-family ), Sans-serif;font-weight: var( --e-global-typography-f5fe2ad-font-weight );line-height: var( --e-global-typography-f5fe2ad-line-height );font-size: var( --e-global-typography-f5fe2ad-font-size )\"> Pioneers Day 2025 : 18 juin \u00e0 Paris<\/h1><br><\/h2>\t\t\t\t<\/div>\n\t\t\t\t<\/div>\n\t\t\t\t<div class=\"elementor-element elementor-element-a8bacad elementor-widget elementor-widget-text-editor\" data-id=\"a8bacad\" data-element_type=\"widget\" data-e-type=\"widget\" data-widget_type=\"text-editor.default\">\n\t\t\t\t<div class=\"elementor-widget-container\">\n\t\t\t\t\t\t\t\t\t<h2 class=\"elementor-heading-title elementor-size-default elementor-inline-editing pen\" style=\"font-family: var( --e-global-typography-primary-font-family ), Sans-serif; font-weight: var( --e-global-typography-primary-font-weight ); color: #ffffff;\" spellcheck=\"false\" data-elementor-setting-key=\"title\" data-pen-placeholder=\"Type Here...\" data-lt-tmp-id=\"lt-886028\" data-gramm=\"false\">Le dernier Pioneers Day du programme qui a dur\u00e9 deux ans.<\/h2>\t\t\t\t\t\t\t\t<\/div>\n\t\t\t\t<\/div>\n\t\t\t\t<div class=\"elementor-element elementor-element-5a4030d elementor-widget elementor-widget-text-editor\" data-id=\"5a4030d\" data-element_type=\"widget\" data-e-type=\"widget\" data-no-translation=\"\" data-widget_type=\"text-editor.default\">\n\t\t\t\t<div class=\"elementor-widget-container\">\n\t\t\t\t\t<style>.elementor-element-5a4030d{display:none !important}<\/style>\t\t\t\t<\/div>\n\t\t\t\t<\/div>\n\t\t\t\t<div class=\"elementor-element elementor-element-6fa9316 elementor-widget elementor-widget-text-editor\" data-id=\"6fa9316\" data-element_type=\"widget\" data-e-type=\"widget\" data-no-translation=\"\" data-widget_type=\"text-editor.default\">\n\t\t\t\t<div class=\"elementor-widget-container\">\n\t\t\t\t\t\t\t\t\t<ul class=\"list\">\n<li>Mercredi 18 juin, 2025, 12h-18h<\/li>\n<li>Morning Panoramas, 36 Rue Vivienne, 75002 Paris<\/li>\n<\/ul>\t\t\t\t\t\t\t\t<\/div>\n\t\t\t\t<\/div>\n\t\t\t\t<\/div>\n\t\t\t\t<\/div>\n\t\t\t\t<\/div>\n\t\t<div class=\"elementor-element elementor-element-e6827b8 e-flex e-con-boxed e-con e-parent\" data-id=\"e6827b8\" data-element_type=\"container\" data-e-type=\"container\">\n\t\t\t\t\t<div class=\"e-con-inner\">\n\t\t\t\t<div class=\"elementor-element elementor-element-62edfa1 elementor-widget elementor-widget-heading\" data-id=\"62edfa1\" data-element_type=\"widget\" data-e-type=\"widget\" data-widget_type=\"heading.default\">\n\t\t\t\t<div class=\"elementor-widget-container\">\n\t\t\t\t\t<h2 class=\"elementor-heading-title elementor-size-default\">Le programme<\/h2>\t\t\t\t<\/div>\n\t\t\t\t<\/div>\n\t\t\t\t\t<\/div>\n\t\t\t\t<\/div>\n\t\t<div class=\"elementor-element elementor-element-c80c3b1 e-grid e-con-full e-con e-parent\" data-id=\"c80c3b1\" data-element_type=\"container\" data-e-type=\"container\">\n\t\t\t\t<div class=\"elementor-element elementor-element-e688fd0 elementor-widget elementor-widget-text-editor\" data-id=\"e688fd0\" data-element_type=\"widget\" data-e-type=\"widget\" data-no-translation=\"\" data-widget_type=\"text-editor.default\">\n\t\t\t\t<div class=\"elementor-widget-container\">\n\t\t\t\t\t<style>.elementor-element-e688fd0{display:none !important}<\/style>\t\t\t\t<\/div>\n\t\t\t\t<\/div>\n\t\t\t\t<div class=\"elementor-element elementor-element-4ef827e elementor-widget-mobile__width-inherit elementor-widget elementor-widget-text-editor\" data-id=\"4ef827e\" data-element_type=\"widget\" data-e-type=\"widget\" data-no-translation=\"\" data-widget_type=\"text-editor.default\">\n\t\t\t\t<div class=\"elementor-widget-container\">\n\t\t\t\t\t<style>.elementor-element-4ef827e{display:none !important}<\/style>\t\t\t\t<\/div>\n\t\t\t\t<\/div>\n\t\t\t\t<div class=\"elementor-element elementor-element-70649a3 elementor-widget elementor-widget-text-editor\" data-id=\"70649a3\" data-element_type=\"widget\" data-e-type=\"widget\" data-no-translation=\"\" data-widget_type=\"text-editor.default\">\n\t\t\t\t<div class=\"elementor-widget-container\">\n\t\t\t\t\t\t\t\t\t<p><strong>Programme d\u00e9taill\u00e9 : <\/strong><\/p>\n<p><em>12:00-13:15 : Buffet d\u00e9jeuner<\/em><\/p>\n<ul>\n<li><strong>13h15-13h45 :<\/strong> Introduction de la journ\u00e9e et pr\u00e9sentation des pionniers participants<\/li>\n<li><strong>13h45-14h30 :<\/strong> Table ronde : Comprendre comment le contexte mondial (\u00e9conomique, g\u00e9opolitique, \u00e9nerg\u00e9tique&#8230;) impacte l&#8217;industrie europ\u00e9enne, avec <strong>Simon Ferri\u00e8re<\/strong> <em>(Haut Commissariat \u00e0 la Strat\u00e9gie et au Plan)<\/em> et <strong>Jean-Luc Proutat<\/strong> <em>(\u00e9conomiste chez BNP Paribas)<\/em><\/li>\n<li><strong>14h30-14h50 :<\/strong> Les solutions concr\u00e8tes pour la d\u00e9carbonation de l&#8217;industrie avec <strong>Richard Huet<\/strong> <em>(Chef de projets d\u00e9carbonation des proc\u00e9d\u00e9s industriels, Dalkia)<\/em><\/li>\n<\/ul>\t\t\t\t\t\t\t\t<\/div>\n\t\t\t\t<\/div>\n\t\t\t\t<div class=\"elementor-element elementor-element-8def3ab elementor-widget-mobile__width-inherit elementor-widget elementor-widget-text-editor\" data-id=\"8def3ab\" data-element_type=\"widget\" data-e-type=\"widget\" data-no-translation=\"\" data-widget_type=\"text-editor.default\">\n\t\t\t\t<div class=\"elementor-widget-container\">\n\t\t\t\t\t\t\t\t\t<p><em>Photo de groupe et pause caf\u00e9 <\/em><\/p>\n<ul>\n<li><strong>15h20-16h30 :<\/strong> R\u00e9trospective des projets identifi\u00e9s et mis en place sur vos sites, illustr\u00e9e par vos retours d&#8217;exp\u00e9riences<\/li>\n<li><strong>16h30-17h45 :<\/strong> Comprendre les risques et les opportunit\u00e9s de la transition et voir comment surmonter les obstacles \u00e0 l&#8217;avanc\u00e9e de vos projets de d\u00e9carbonation, dans le cadre d&#8217;un atelier anim\u00e9 par <strong>C\u00e9dric Ringenbach<\/strong> <em>(Auteur de la Fresque du climat) <\/em><\/li>\n<li><strong>17h45-18h00 :<\/strong> Cl\u00f4ture du Pioneers Day 2025 avec les 4 partenaires du programme<\/li>\n<\/ul>\n<p><strong style=\"font-family: -apple-system, BlinkMacSystemFont, 'Segoe UI', Roboto, 'Helvetica Neue', Arial, 'Noto Sans', sans-serif, 'Apple Color Emoji', 'Segoe UI Emoji', 'Segoe UI Symbol', 'Noto Color Emoji';\"><br><strong>Retour sur la Journ\u00e9e des pionniers de l&#8217;ann\u00e9e derni\u00e8re&nbsp;<a href=\"https:\/\/decarb-fast-track.com\/fr\/pioneers-day-2024\/\">ici<\/a>.<\/strong><br><\/strong><\/p>\t\t\t\t\t\t\t\t<\/div>\n\t\t\t\t<\/div>\n\t\t\t\t<\/div>\n\t\t<div data-dce-background-image-url=\"http:\/\/decarb-fast-track.com\/wp-content\/uploads\/2023\/04\/background-program-gradient.jpg\" class=\"elementor-element elementor-element-d643a71 e-con-full e-flex e-con e-parent\" data-id=\"d643a71\" data-element_type=\"container\" data-e-type=\"container\" data-settings=\"{&quot;background_background&quot;:&quot;classic&quot;}\" data-no-translation=\"\">\n\t\t<div class=\"elementor-element elementor-element-3ca038c e-con-full e-flex e-con e-child\" data-id=\"3ca038c\" data-element_type=\"container\" data-e-type=\"container\" data-settings=\"{&quot;background_background&quot;:&quot;classic&quot;}\">\n\t\t<div class=\"elementor-element elementor-element-b7ae96b e-con-full e-flex e-con e-child\" data-id=\"b7ae96b\" data-element_type=\"container\" data-e-type=\"container\">\n\t\t\t\t<div class=\"elementor-element elementor-element-9c56d22 elementor-widget elementor-widget-text-editor\" data-id=\"9c56d22\" data-element_type=\"widget\" data-e-type=\"widget\" data-widget_type=\"text-editor.default\">\n\t\t\t\t<div class=\"elementor-widget-container\">\n\t\t\t\t\t\t\t\t\t<h2><strong>Visionner les replays<\/strong><\/h2>\t\t\t\t\t\t\t\t<\/div>\n\t\t\t\t<\/div>\n\t\t\t\t<div class=\"elementor-element elementor-element-174fca6 elementor-widget elementor-widget-n-accordion\" data-id=\"174fca6\" data-element_type=\"widget\" data-e-type=\"widget\" data-settings=\"{&quot;default_state&quot;:&quot;expanded&quot;,&quot;max_items_expended&quot;:&quot;one&quot;,&quot;n_accordion_animation_duration&quot;:{&quot;unit&quot;:&quot;ms&quot;,&quot;size&quot;:400,&quot;sizes&quot;:[]}}\" data-widget_type=\"nested-accordion.default\">\n\t\t\t\t<div class=\"elementor-widget-container\">\n\t\t\t\t\t\t\t<div class=\"e-n-accordion\" aria-label=\"Accordion. Open links with Enter or Space, close with Escape, and navigate with Arrow Keys\">\n\t\t\t\t\t\t<details id=\"e-n-accordion-item-2440\" class=\"e-n-accordion-item\" open>\n\t\t\t\t<summary class=\"e-n-accordion-item-title\" data-accordion-index=\"1\" tabindex=\"0\" aria-expanded=\"true\" aria-controls=\"e-n-accordion-item-2440\" >\n\t\t\t\t\t<span class='e-n-accordion-item-title-header'><div class=\"e-n-accordion-item-title-text\"> Impacts du contexte \u00e9conomique sur l'industrie europ\u00e9enne <\/div><\/span>\n\t\t\t\t\t\t\t<span class='e-n-accordion-item-title-icon'>\n\t\t\t<span class='e-opened' ><i aria-hidden=\"true\" class=\"fas fa-play\"><\/i><\/span>\n\t\t\t<span class='e-closed'><i aria-hidden=\"true\" class=\"fas fa-play\"><\/i><\/span>\n\t\t<\/span>\n\n\t\t\t\t\t\t<\/summary>\n\t\t\t\t<div role=\"region\" aria-labelledby=\"e-n-accordion-item-2440\" class=\"elementor-element elementor-element-83b7385 e-con-full e-flex e-con e-child\" data-id=\"83b7385\" data-element_type=\"container\" data-e-type=\"container\">\n\t\t<div role=\"region\" aria-labelledby=\"e-n-accordion-item-2440\" class=\"elementor-element elementor-element-a384e86 e-flex e-con-boxed e-con e-child\" data-id=\"a384e86\" data-element_type=\"container\" data-e-type=\"container\">\n\t\t\t\t\t<div class=\"e-con-inner\">\n\t\t\t\t<div class=\"elementor-element elementor-element-3f10b43 elementor-widget elementor-widget-video\" data-id=\"3f10b43\" data-element_type=\"widget\" data-e-type=\"widget\" data-settings=\"{&quot;youtube_url&quot;:&quot;https:\\\/\\\/youtu.be\\\/SCaTNWIGOCQ&quot;,&quot;video_type&quot;:&quot;youtube&quot;,&quot;controls&quot;:&quot;yes&quot;}\" data-no-translation=\"\" data-widget_type=\"video.default\">\n\t\t\t\t<div class=\"elementor-widget-container\">\n\t\t\t\t\t\t\t<div class=\"elementor-wrapper elementor-open-inline\">\n\t\t\t<div class=\"elementor-video\"><\/div>\t\t<\/div>\n\t\t\t\t\t\t<\/div>\n\t\t\t\t<\/div>\n\t\t\t\t\t<\/div>\n\t\t\t\t<\/div>\n\t\t\t\t<\/div>\n\t\t\t\t\t<\/details>\n\t\t\t\t\t\t<details id=\"e-n-accordion-item-2441\" class=\"e-n-accordion-item\" >\n\t\t\t\t<summary class=\"e-n-accordion-item-title\" data-accordion-index=\"2\" tabindex=\"-1\" aria-expanded=\"false\" aria-controls=\"e-n-accordion-item-2441\" >\n\t\t\t\t\t<span class='e-n-accordion-item-title-header'><div class=\"e-n-accordion-item-title-text\"> Solutions pour d\u00e9carboner un site industriel <\/div><\/span>\n\t\t\t\t\t\t\t<span class='e-n-accordion-item-title-icon'>\n\t\t\t<span class='e-opened' ><i aria-hidden=\"true\" class=\"fas fa-play\"><\/i><\/span>\n\t\t\t<span class='e-closed'><i aria-hidden=\"true\" class=\"fas fa-play\"><\/i><\/span>\n\t\t<\/span>\n\n\t\t\t\t\t\t<\/summary>\n\t\t\t\t<div role=\"region\" aria-labelledby=\"e-n-accordion-item-2441\" class=\"elementor-element elementor-element-eca753d e-con-full e-flex e-con e-child\" data-id=\"eca753d\" data-element_type=\"container\" data-e-type=\"container\">\n\t\t\t\t<div class=\"elementor-element elementor-element-9af23c2 elementor-widget elementor-widget-video\" data-id=\"9af23c2\" data-element_type=\"widget\" data-e-type=\"widget\" data-settings=\"{&quot;youtube_url&quot;:&quot;https:\\\/\\\/youtu.be\\\/o36e1KqyiDA&quot;,&quot;video_type&quot;:&quot;youtube&quot;,&quot;controls&quot;:&quot;yes&quot;}\" data-no-translation=\"\" data-widget_type=\"video.default\">\n\t\t\t\t<div class=\"elementor-widget-container\">\n\t\t\t\t\t\t\t<div class=\"elementor-wrapper elementor-open-inline\">\n\t\t\t<div class=\"elementor-video\"><\/div>\t\t<\/div>\n\t\t\t\t\t\t<\/div>\n\t\t\t\t<\/div>\n\t\t\t\t<\/div>\n\t\t\t\t\t<\/details>\n\t\t\t\t\t\t<details id=\"e-n-accordion-item-2442\" class=\"e-n-accordion-item\" >\n\t\t\t\t<summary class=\"e-n-accordion-item-title\" data-accordion-index=\"3\" tabindex=\"-1\" aria-expanded=\"false\" aria-controls=\"e-n-accordion-item-2442\" >\n\t\t\t\t\t<span class='e-n-accordion-item-title-header'><div class=\"e-n-accordion-item-title-text\"> Risques et opportunit\u00e9s de la transition \u00e9cologique <\/div><\/span>\n\t\t\t\t\t\t\t<span class='e-n-accordion-item-title-icon'>\n\t\t\t<span class='e-opened' ><i aria-hidden=\"true\" class=\"fas fa-play\"><\/i><\/span>\n\t\t\t<span class='e-closed'><i aria-hidden=\"true\" class=\"fas fa-play\"><\/i><\/span>\n\t\t<\/span>\n\n\t\t\t\t\t\t<\/summary>\n\t\t\t\t<div role=\"region\" aria-labelledby=\"e-n-accordion-item-2442\" class=\"elementor-element elementor-element-4681692 e-flex e-con-boxed e-con e-child\" data-id=\"4681692\" data-element_type=\"container\" data-e-type=\"container\">\n\t\t\t\t\t<div class=\"e-con-inner\">\n\t\t\t\t<div class=\"elementor-element elementor-element-a586122 elementor-widget elementor-widget-video\" data-id=\"a586122\" data-element_type=\"widget\" data-e-type=\"widget\" data-settings=\"{&quot;youtube_url&quot;:&quot;https:\\\/\\\/www.youtube.com\\\/watch?v=Irr1zZUZ8Ps&quot;,&quot;video_type&quot;:&quot;youtube&quot;,&quot;controls&quot;:&quot;yes&quot;}\" data-no-translation=\"\" data-widget_type=\"video.default\">\n\t\t\t\t<div class=\"elementor-widget-container\">\n\t\t\t\t\t\t\t<div class=\"elementor-wrapper elementor-open-inline\">\n\t\t\t<div class=\"elementor-video\"><\/div>\t\t<\/div>\n\t\t\t\t\t\t<\/div>\n\t\t\t\t<\/div>\n\t\t\t\t\t<\/div>\n\t\t\t\t<\/div>\n\t\t\t\t\t<\/details>\n\t\t\t\t\t<\/div>\n\t\t\t\t\t\t<\/div>\n\t\t\t\t<\/div>\n\t\t\t\t<\/div>\n\t\t\t\t<\/div>\n\t\t\t\t<\/div>\n\t\t\t\t<\/div>","protected":false},"excerpt":{"rendered":"<p>Pioneers Day 2025: 18th June in Paris The final Pioneers Day of the two-year-long programme. Wednesday 18th June, 2025, 12:00 -18h:00 Morning Panoramas, 36 Rue Vivienne, 75002 Paris Mercredi 18 juin, 2025, 12h-18h Morning Panoramas, 36 Rue Vivienne, 75002 Paris The Programme On the programme: 12:00-13:15: Buffet lunch 13:15-13:45: Introduction to the day and presentation [&hellip;]<\/p>\n","protected":false},"author":8,"featured_media":3443,"parent":0,"menu_order":0,"comment_status":"closed","ping_status":"closed","template":"","meta":{"_acf_changed":false,"content-type":"","footnotes":""},"class_list":["post-3963","page","type-page","status-publish","has-post-thumbnail","hentry"],"acf":[],"yoast_head":"<!-- This site is optimized with the Yoast SEO plugin v27.4 - https:\/\/yoast.com\/product\/yoast-seo-wordpress\/ -->\n<title>Pioneers Day 2025 - Decarb Fast Track<\/title>\n<meta name=\"description\" content=\"Join us in Paris for Pioneers Day 2025. A unique in-person event to exchange ideas with experts and move towards decarbonization.\" \/>\n<meta name=\"robots\" content=\"index, follow, max-snippet:-1, max-image-preview:large, max-video-preview:-1\" \/>\n<link rel=\"canonical\" href=\"https:\/\/decarb-fast-track.com\/fr\/pioneers-day-2025\/\" \/>\n<meta property=\"og:locale\" content=\"fr_FR\" \/>\n<meta property=\"og:type\" content=\"article\" \/>\n<meta property=\"og:title\" content=\"Pioneers Day 2025 - Decarb Fast Track\" \/>\n<meta property=\"og:description\" content=\"Join us in Paris for Pioneers Day 2025. A unique in-person event to exchange ideas with experts and move towards decarbonization.\" \/>\n<meta property=\"og:url\" content=\"https:\/\/decarb-fast-track.com\/fr\/pioneers-day-2025\/\" \/>\n<meta property=\"og:site_name\" content=\"Decarb Fast Track\" \/>\n<meta property=\"article:modified_time\" content=\"2026-02-03T16:35:08+00:00\" \/>\n<meta property=\"og:image\" content=\"http:\/\/decarb-fast-track.com\/wp-content\/uploads\/2024\/12\/Pioneers_day_16_10_24-041-scaled.jpg\" \/>\n\t<meta property=\"og:image:width\" content=\"2560\" \/>\n\t<meta property=\"og:image:height\" content=\"1707\" \/>\n\t<meta property=\"og:image:type\" content=\"image\/jpeg\" \/>\n<meta name=\"twitter:card\" content=\"summary_large_image\" \/>\n<meta name=\"twitter:label1\" content=\"Dur\u00e9e de lecture estim\u00e9e\" \/>\n\t<meta name=\"twitter:data1\" content=\"2 minutes\" \/>\n<script type=\"application\/ld+json\" class=\"yoast-schema-graph\">{\"@context\":\"https:\\\/\\\/schema.org\",\"@graph\":[{\"@type\":\"WebPage\",\"@id\":\"https:\\\/\\\/decarb-fast-track.com\\\/pioneers-day-2025\\\/\",\"url\":\"https:\\\/\\\/decarb-fast-track.com\\\/pioneers-day-2025\\\/\",\"name\":\"Pioneers Day 2025 - Decarb Fast Track\",\"isPartOf\":{\"@id\":\"https:\\\/\\\/decarb-fast-track.com\\\/#website\"},\"primaryImageOfPage\":{\"@id\":\"https:\\\/\\\/decarb-fast-track.com\\\/pioneers-day-2025\\\/#primaryimage\"},\"image\":{\"@id\":\"https:\\\/\\\/decarb-fast-track.com\\\/pioneers-day-2025\\\/#primaryimage\"},\"thumbnailUrl\":\"https:\\\/\\\/decarb-fast-track.com\\\/wp-content\\\/uploads\\\/2024\\\/12\\\/Pioneers_day_16_10_24-041-scaled.jpg\",\"datePublished\":\"2025-06-26T09:50:13+00:00\",\"dateModified\":\"2026-02-03T16:35:08+00:00\",\"description\":\"Join us in Paris for Pioneers Day 2025. A unique in-person event to exchange ideas with experts and move towards decarbonization.\",\"breadcrumb\":{\"@id\":\"https:\\\/\\\/decarb-fast-track.com\\\/pioneers-day-2025\\\/#breadcrumb\"},\"inLanguage\":\"fr-FR\",\"potentialAction\":[{\"@type\":\"ReadAction\",\"target\":[\"https:\\\/\\\/decarb-fast-track.com\\\/pioneers-day-2025\\\/\"]}]},{\"@type\":\"ImageObject\",\"inLanguage\":\"fr-FR\",\"@id\":\"https:\\\/\\\/decarb-fast-track.com\\\/pioneers-day-2025\\\/#primaryimage\",\"url\":\"https:\\\/\\\/decarb-fast-track.com\\\/wp-content\\\/uploads\\\/2024\\\/12\\\/Pioneers_day_16_10_24-041-scaled.jpg\",\"contentUrl\":\"https:\\\/\\\/decarb-fast-track.com\\\/wp-content\\\/uploads\\\/2024\\\/12\\\/Pioneers_day_16_10_24-041-scaled.jpg\",\"width\":2560,\"height\":1707,\"caption\":\"round table pioneers day 2024\"},{\"@type\":\"BreadcrumbList\",\"@id\":\"https:\\\/\\\/decarb-fast-track.com\\\/pioneers-day-2025\\\/#breadcrumb\",\"itemListElement\":[{\"@type\":\"ListItem\",\"position\":1,\"name\":\"Accueil\",\"item\":\"https:\\\/\\\/decarb-fast-track.com\\\/\"},{\"@type\":\"ListItem\",\"position\":2,\"name\":\"Pioneers Day 2025\"}]},{\"@type\":\"WebSite\",\"@id\":\"https:\\\/\\\/decarb-fast-track.com\\\/#website\",\"url\":\"https:\\\/\\\/decarb-fast-track.com\\\/\",\"name\":\"Decarb Fast Track\",\"description\":\"Face the energy crisis with our programme\",\"publisher\":{\"@id\":\"https:\\\/\\\/decarb-fast-track.com\\\/#organization\"},\"potentialAction\":[{\"@type\":\"SearchAction\",\"target\":{\"@type\":\"EntryPoint\",\"urlTemplate\":\"https:\\\/\\\/decarb-fast-track.com\\\/?s={search_term_string}\"},\"query-input\":{\"@type\":\"PropertyValueSpecification\",\"valueRequired\":true,\"valueName\":\"search_term_string\"}}],\"inLanguage\":\"fr-FR\"},{\"@type\":\"Organization\",\"@id\":\"https:\\\/\\\/decarb-fast-track.com\\\/#organization\",\"name\":\"Decarb Fast Track\",\"url\":\"https:\\\/\\\/decarb-fast-track.com\\\/\",\"logo\":{\"@type\":\"ImageObject\",\"inLanguage\":\"fr-FR\",\"@id\":\"https:\\\/\\\/decarb-fast-track.com\\\/#\\\/schema\\\/logo\\\/image\\\/\",\"url\":\"https:\\\/\\\/decarb-fast-track.com\\\/wp-content\\\/uploads\\\/2022\\\/11\\\/Logo-DFT-institute_colour-scaled-e1761124267153.png\",\"contentUrl\":\"https:\\\/\\\/decarb-fast-track.com\\\/wp-content\\\/uploads\\\/2022\\\/11\\\/Logo-DFT-institute_colour-scaled-e1761124267153.png\",\"width\":2214,\"height\":777,\"caption\":\"Decarb Fast Track\"},\"image\":{\"@id\":\"https:\\\/\\\/decarb-fast-track.com\\\/#\\\/schema\\\/logo\\\/image\\\/\"}}]}<\/script>\n<!-- \/ Yoast SEO plugin. -->","yoast_head_json":{"title":"Pioneers Day 2025 - Decarb Fast Track","description":"Join us in Paris for Pioneers Day 2025. A unique in-person event to exchange ideas with experts and move towards decarbonization.","robots":{"index":"index","follow":"follow","max-snippet":"max-snippet:-1","max-image-preview":"max-image-preview:large","max-video-preview":"max-video-preview:-1"},"canonical":"https:\/\/decarb-fast-track.com\/fr\/pioneers-day-2025\/","og_locale":"fr_FR","og_type":"article","og_title":"Pioneers Day 2025 - Decarb Fast Track","og_description":"Join us in Paris for Pioneers Day 2025. A unique in-person event to exchange ideas with experts and move towards decarbonization.","og_url":"https:\/\/decarb-fast-track.com\/fr\/pioneers-day-2025\/","og_site_name":"Decarb Fast Track","article_modified_time":"2026-02-03T16:35:08+00:00","og_image":[{"width":2560,"height":1707,"url":"http:\/\/decarb-fast-track.com\/wp-content\/uploads\/2024\/12\/Pioneers_day_16_10_24-041-scaled.jpg","type":"image\/jpeg"}],"twitter_card":"summary_large_image","twitter_misc":{"Dur\u00e9e de lecture estim\u00e9e":"2 minutes"},"schema":{"@context":"https:\/\/schema.org","@graph":[{"@type":"WebPage","@id":"https:\/\/decarb-fast-track.com\/pioneers-day-2025\/","url":"https:\/\/decarb-fast-track.com\/pioneers-day-2025\/","name":"Pioneers Day 2025 - Decarb Fast Track","isPartOf":{"@id":"https:\/\/decarb-fast-track.com\/#website"},"primaryImageOfPage":{"@id":"https:\/\/decarb-fast-track.com\/pioneers-day-2025\/#primaryimage"},"image":{"@id":"https:\/\/decarb-fast-track.com\/pioneers-day-2025\/#primaryimage"},"thumbnailUrl":"https:\/\/decarb-fast-track.com\/wp-content\/uploads\/2024\/12\/Pioneers_day_16_10_24-041-scaled.jpg","datePublished":"2025-06-26T09:50:13+00:00","dateModified":"2026-02-03T16:35:08+00:00","description":"Join us in Paris for Pioneers Day 2025. A unique in-person event to exchange ideas with experts and move towards decarbonization.","breadcrumb":{"@id":"https:\/\/decarb-fast-track.com\/pioneers-day-2025\/#breadcrumb"},"inLanguage":"fr-FR","potentialAction":[{"@type":"ReadAction","target":["https:\/\/decarb-fast-track.com\/pioneers-day-2025\/"]}]},{"@type":"ImageObject","inLanguage":"fr-FR","@id":"https:\/\/decarb-fast-track.com\/pioneers-day-2025\/#primaryimage","url":"https:\/\/decarb-fast-track.com\/wp-content\/uploads\/2024\/12\/Pioneers_day_16_10_24-041-scaled.jpg","contentUrl":"https:\/\/decarb-fast-track.com\/wp-content\/uploads\/2024\/12\/Pioneers_day_16_10_24-041-scaled.jpg","width":2560,"height":1707,"caption":"round table pioneers day 2024"},{"@type":"BreadcrumbList","@id":"https:\/\/decarb-fast-track.com\/pioneers-day-2025\/#breadcrumb","itemListElement":[{"@type":"ListItem","position":1,"name":"Accueil","item":"https:\/\/decarb-fast-track.com\/"},{"@type":"ListItem","position":2,"name":"Pioneers Day 2025"}]},{"@type":"WebSite","@id":"https:\/\/decarb-fast-track.com\/#website","url":"https:\/\/decarb-fast-track.com\/","name":"Decarb Fast Track","description":"Face the energy crisis with our programme","publisher":{"@id":"https:\/\/decarb-fast-track.com\/#organization"},"potentialAction":[{"@type":"SearchAction","target":{"@type":"EntryPoint","urlTemplate":"https:\/\/decarb-fast-track.com\/?s={search_term_string}"},"query-input":{"@type":"PropertyValueSpecification","valueRequired":true,"valueName":"search_term_string"}}],"inLanguage":"fr-FR"},{"@type":"Organization","@id":"https:\/\/decarb-fast-track.com\/#organization","name":"Decarb Fast Track","url":"https:\/\/decarb-fast-track.com\/","logo":{"@type":"ImageObject","inLanguage":"fr-FR","@id":"https:\/\/decarb-fast-track.com\/#\/schema\/logo\/image\/","url":"https:\/\/decarb-fast-track.com\/wp-content\/uploads\/2022\/11\/Logo-DFT-institute_colour-scaled-e1761124267153.png","contentUrl":"https:\/\/decarb-fast-track.com\/wp-content\/uploads\/2022\/11\/Logo-DFT-institute_colour-scaled-e1761124267153.png","width":2214,"height":777,"caption":"Decarb Fast Track"},"image":{"@id":"https:\/\/decarb-fast-track.com\/#\/schema\/logo\/image\/"}}]}},"_links":{"self":[{"href":"https:\/\/decarb-fast-track.com\/fr\/wp-json\/wp\/v2\/pages\/3963","targetHints":{"allow":["GET"]}}],"collection":[{"href":"https:\/\/decarb-fast-track.com\/fr\/wp-json\/wp\/v2\/pages"}],"about":[{"href":"https:\/\/decarb-fast-track.com\/fr\/wp-json\/wp\/v2\/types\/page"}],"author":[{"embeddable":true,"href":"https:\/\/decarb-fast-track.com\/fr\/wp-json\/wp\/v2\/users\/8"}],"replies":[{"embeddable":true,"href":"https:\/\/decarb-fast-track.com\/fr\/wp-json\/wp\/v2\/comments?post=3963"}],"version-history":[{"count":10,"href":"https:\/\/decarb-fast-track.com\/fr\/wp-json\/wp\/v2\/pages\/3963\/revisions"}],"predecessor-version":[{"id":4419,"href":"https:\/\/decarb-fast-track.com\/fr\/wp-json\/wp\/v2\/pages\/3963\/revisions\/4419"}],"wp:featuredmedia":[{"embeddable":true,"href":"https:\/\/decarb-fast-track.com\/fr\/wp-json\/wp\/v2\/media\/3443"}],"wp:attachment":[{"href":"https:\/\/decarb-fast-track.com\/fr\/wp-json\/wp\/v2\/media?parent=3963"}],"curies":[{"name":"wp","href":"https:\/\/api.w.org\/{rel}","templated":true}]}}